{"id":16212,"date":"2025-08-26T16:19:21","date_gmt":"2025-08-26T14:19:21","guid":{"rendered":"https:\/\/canitasveterinaria.com\/canitas-veterinaria-malaga-cc-los-patios\/"},"modified":"2025-12-01T13:07:33","modified_gmt":"2025-12-01T12:07:33","slug":"canitas-veterinaria-malaga-cc-los-patios","status":"publish","type":"page","link":"https:\/\/canitasveterinaria.com\/ca\/les-teves-cliniques\/canitas-veterinaria-malaga-cc-los-patios\/","title":{"rendered":"Canitas Veterin\u00e0ria M\u00e0laga \u2013 CC Los Patios"},"content":{"rendered":"\t\t<div data-elementor-type=\"wp-page\" data-elementor-id=\"16212\" class=\"elementor elementor-16212 elementor-13954\" data-elementor-post-type=\"page\">\n\t\t\t\t<div class=\"elementor-element elementor-element-cf97e78 e-flex e-con-boxed e-con e-parent \" data-id=\"cf97e78\" data-element_type=\"container\" data-e-type=\"container\">\t\t\t<div class=\"e-con-inner\">\r\n\t\t<div class=\"elementor-element elementor-element-9739e34 e-con-full e-flex e-con e-child \" data-id=\"9739e34\" data-element_type=\"container\" data-e-type=\"container\">\t\t<div class=\"elementor-element elementor-element-ba92729 elementor-widget elementor-widget-pxl_heading\" data-id=\"ba92729\" data-element_type=\"widget\" data-e-type=\"widget\" data-widget_type=\"pxl_heading.default\">\n\t\t\t\t<div class=\"elementor-widget-container\">\n\t\t\t\t\t\n<div id=\"pxl-pxl_heading-ba92729-4328\" class=\"pxl-heading px-sub-title-shape3-style \">\n\t<div class=\"pxl-heading--inner\">\n\t\t\n\t\t<h3 class=\"pxl-item--title style-default highlight-default \" data-wow-delay=\"ms\">\n\n\t\t\t<span class=\"pxl-heading--text\">\n\n\t\t\t\t\t\t\t\t\tCanitas Veterinaria M\u00e1laga \u2013 CC Los Patios\t\n\t\t\t\t\t\n\n\t\t\t<\/span>\n\t\t<\/h3>\n\t\t\t<\/div>\n<\/div>\t\t\t\t<\/div>\n\t\t\t\t<\/div>\n\t\t\t\t<div class=\"elementor-element elementor-element-65a85a7 elementor-view-stacked elementor-position-inline-start elementor-shape-circle elementor-mobile-position-block-start elementor-widget elementor-widget-icon-box\" data-id=\"65a85a7\" data-element_type=\"widget\" data-e-type=\"widget\" data-widget_type=\"icon-box.default\">\n\t\t\t\t\t\t\t<div class=\"elementor-icon-box-wrapper\">\n\n\t\t\t\t\t\t<div class=\"elementor-icon-box-icon\">\n\t\t\t\t<span  class=\"elementor-icon\">\n\t\t\t\t<i aria-hidden=\"true\" class=\"fal fa-map-marker-alt\"><\/i>\t\t\t\t<\/span>\n\t\t\t<\/div>\n\t\t\t\n\t\t\t\t\t\t<div class=\"elementor-icon-box-content\">\n\n\t\t\t\t\t\t\t\t\t<h3 class=\"elementor-icon-box-title\">\n\t\t\t\t\t\t<span  >\n\t\t\t\t\t\t\tAdre\u00e7a\t\t\t\t\t\t<\/span>\n\t\t\t\t\t<\/h3>\n\t\t\t\t\n\t\t\t\t\t\t\t\t\t<p class=\"elementor-icon-box-description\">\n\t\t\t\t\t\tAv. de Vel\u00e1zquez, 241 - M\u00e0laga\t\t\t\t\t<\/p>\n\t\t\t\t\n\t\t\t<\/div>\n\t\t\t\n\t\t<\/div>\n\t\t\t\t\t\t<\/div>\n\t\t\t\t<div class=\"elementor-element elementor-element-87e2291 elementor-view-stacked elementor-position-inline-start elementor-shape-circle elementor-mobile-position-block-start elementor-widget elementor-widget-icon-box\" data-id=\"87e2291\" data-element_type=\"widget\" data-e-type=\"widget\" data-widget_type=\"icon-box.default\">\n\t\t\t\t\t\t\t<div class=\"elementor-icon-box-wrapper\">\n\n\t\t\t\t\t\t<div class=\"elementor-icon-box-icon\">\n\t\t\t\t<span  class=\"elementor-icon\">\n\t\t\t\t<i aria-hidden=\"true\" class=\"far fa-clock\"><\/i>\t\t\t\t<\/span>\n\t\t\t<\/div>\n\t\t\t\n\t\t\t\t\t\t<div class=\"elementor-icon-box-content\">\n\n\t\t\t\t\t\t\t\t\t<h3 class=\"elementor-icon-box-title\">\n\t\t\t\t\t\t<span  >\n\t\t\t\t\t\t\tHorari botiga\t\t\t\t\t\t<\/span>\n\t\t\t\t\t<\/h3>\n\t\t\t\t\n\t\t\t\t\t\t\t\t\t<p class=\"elementor-icon-box-description\">\n\t\t\t\t\t\tDilluns a dissabte de 10h - 21h\t\t\t\t\t<\/p>\n\t\t\t\t\n\t\t\t<\/div>\n\t\t\t\n\t\t<\/div>\n\t\t\t\t\t\t<\/div>\n\t\t\t\t<div class=\"elementor-element elementor-element-c8e7321 elementor-view-stacked elementor-position-inline-start elementor-shape-circle elementor-mobile-position-block-start elementor-widget elementor-widget-icon-box\" data-id=\"c8e7321\" data-element_type=\"widget\" data-e-type=\"widget\" data-widget_type=\"icon-box.default\">\n\t\t\t\t\t\t\t<div class=\"elementor-icon-box-wrapper\">\n\n\t\t\t\t\t\t<div class=\"elementor-icon-box-icon\">\n\t\t\t\t<span  class=\"elementor-icon\">\n\t\t\t\t<i aria-hidden=\"true\" class=\"far fa-clock\"><\/i>\t\t\t\t<\/span>\n\t\t\t<\/div>\n\t\t\t\n\t\t\t\t\t\t<div class=\"elementor-icon-box-content\">\n\n\t\t\t\t\t\t\t\t\t<h3 class=\"elementor-icon-box-title\">\n\t\t\t\t\t\t<span  >\n\t\t\t\t\t\t\tHorari veterinari\t\t\t\t\t\t<\/span>\n\t\t\t\t\t<\/h3>\n\t\t\t\t\n\t\t\t\t\t\t\t\t\t<p class=\"elementor-icon-box-description\">\n\t\t\t\t\t\tDe dimarts a dissabte de 10h - 21h\t\t\t\t\t<\/p>\n\t\t\t\t\n\t\t\t<\/div>\n\t\t\t\n\t\t<\/div>\n\t\t\t\t\t\t<\/div>\n\t\t\t\t<div class=\"elementor-element elementor-element-d3f80d8 elementor-view-stacked elementor-position-inline-start elementor-shape-circle elementor-mobile-position-block-start elementor-widget elementor-widget-icon-box\" data-id=\"d3f80d8\" data-element_type=\"widget\" data-e-type=\"widget\" data-widget_type=\"icon-box.default\">\n\t\t\t\t\t\t\t<div class=\"elementor-icon-box-wrapper\">\n\n\t\t\t\t\t\t<div class=\"elementor-icon-box-icon\">\n\t\t\t\t<span  class=\"elementor-icon\">\n\t\t\t\t<i aria-hidden=\"true\" class=\"far fa-clock\"><\/i>\t\t\t\t<\/span>\n\t\t\t<\/div>\n\t\t\t\n\t\t\t\t\t\t<div class=\"elementor-icon-box-content\">\n\n\t\t\t\t\t\t\t\t\t<h3 class=\"elementor-icon-box-title\">\n\t\t\t\t\t\t<span  >\n\t\t\t\t\t\t\tHorari perruqueria\t\t\t\t\t\t<\/span>\n\t\t\t\t\t<\/h3>\n\t\t\t\t\n\t\t\t\t\t\t\t\t\t<p class=\"elementor-icon-box-description\">\n\t\t\t\t\t\tDimarts i dijous 11h - 19h<br>Dimecres, divendres i dissabte 10h - 18h\n\t\t\t\t\t<\/p>\n\t\t\t\t\n\t\t\t<\/div>\n\t\t\t\n\t\t<\/div>\n\t\t\t\t\t\t<\/div>\n\t\t\t\t<\/div>\r\n\t\t<div class=\"elementor-element elementor-element-2ddb24e e-con-full e-flex e-con e-child \" data-id=\"2ddb24e\" data-element_type=\"container\" data-e-type=\"container\">\t\t<div class=\"elementor-element elementor-element-5b94188 elementor-widget elementor-widget-google_maps\" data-id=\"5b94188\" data-element_type=\"widget\" data-e-type=\"widget\" data-widget_type=\"google_maps.default\">\n\t\t\t\t\t\t\t<div class=\"elementor-custom-embed\">\n\t\t\t<iframe loading=\"lazy\"\n\t\t\t\t\tsrc=\"https:\/\/maps.google.com\/maps?q=Canitas%20Veterinaria%20M%C3%A1laga%20%E2%80%93%20CC%20Los%20Patios&#038;t=m&#038;z=14&#038;output=embed&#038;iwloc=near\"\n\t\t\t\t\ttitle=\"Canitas Veterinaria M\u00e1laga \u2013 CC Los Patios\"\n\t\t\t\t\taria-label=\"Canitas Veterinaria M\u00e1laga \u2013 CC Los Patios\"\n\t\t\t><\/iframe>\n\t\t<\/div>\n\t\t\t\t\t\t<\/div>\n\t\t\t\t<\/div>\r\n\t\t\t\t\t<\/div>\r\n\t\t\t\t<\/div>\r\n\t\t<div class=\"elementor-element elementor-element-8e10efa e-flex e-con-boxed e-con e-parent \" data-id=\"8e10efa\" data-element_type=\"container\" data-e-type=\"container\" data-settings=\"{&quot;background_background&quot;:&quot;classic&quot;}\">\t\t\t<div class=\"e-con-inner\">\r\n\t\t\t\t<div class=\"elementor-element elementor-element-34db1a3 elementor-align-center elementor-align-left elementor-widget__width-auto elementor-widget elementor-widget-pxl_button\" data-id=\"34db1a3\" data-element_type=\"widget\" data-e-type=\"widget\" data-widget_type=\"pxl_button.default\">\n\t\t\t\t<div class=\"elementor-widget-container\">\n\t\t\t\t\t<div id=\"pxl-pxl_button-34db1a3-4118\" class=\"pxl-button pxl-atc-link \" data-wow-delay=\"ms\">\r\n    <a href=\"https:\/\/maps.google.com\/maps\/dir\/\/Canitas+Veterinaria+M%C3%A1laga+-+CC+Los+Patios+Av.+de+Vel%C3%A1zquez,+241+Carretera+de+C%C3%A1diz+29004+M%C3%A1laga\/@36.6865066,-4.4579712,14z\/data=!4m5!4m4!1m0!1m2!1m1!1s0xd72f9b11726899f:0x512bb861a574458\" target=\"_blank\" class=\"btn pxl-icon-active btn-block-inline btn-gradient-rotate btn-gradient-rotate pxl-icon--right\">\r\n                    <span class=\"pxl--btn-icon\">\r\n                <i aria-hidden=\"true\" class=\"fas fa-arrow-alt-circle-right\"><\/i>                            <\/span>\r\n                <span class=\"pxl--btn-text\" data-text=\"C\u00d3MO LLEGAR\">\r\n            C\u00d3MO LLEGAR            <span class=\"pxl-button--subtitle pxl-empty\"><\/span>       \r\n        <\/span>\r\n\r\n    <\/a>\r\n<\/div>\r\n\t\t\t\t<\/div>\n\t\t\t\t<\/div>\n\t\t\t\t<div class=\"elementor-element elementor-element-f53abe9 elementor-align-center elementor-align-left elementor-widget__width-auto elementor-widget elementor-widget-pxl_button\" data-id=\"f53abe9\" data-element_type=\"widget\" data-e-type=\"widget\" data-widget_type=\"pxl_button.default\">\n\t\t\t\t<div class=\"elementor-widget-container\">\n\t\t\t\t\t<div id=\"pxl-pxl_button-f53abe9-1243\" class=\"pxl-button pxl-atc-link \" data-wow-delay=\"ms\">\r\n    <a href=\"https:\/\/admin.canitasveterinaria.com\/step1_alta-online?canal_alta=alta_online&amp;btn_click=malaga_patios\" class=\"btn pxl-icon-active btn-block-inline btn-gradient-rotate btn-gradient-rotate pxl-icon--right\">\r\n                    <span class=\"pxl--btn-icon\">\r\n                <i aria-hidden=\"true\" class=\"fas fa-arrow-alt-circle-right\"><\/i>                            <\/span>\r\n                <span class=\"pxl--btn-text\" data-text=\"HAZTE SOCIO AHORA\">\r\n            HAZTE SOCIO AHORA            <span class=\"pxl-button--subtitle pxl-empty\"><\/span>       \r\n        <\/span>\r\n\r\n    <\/a>\r\n<\/div>\r\n\t\t\t\t<\/div>\n\t\t\t\t<\/div>\n\t\t\t\t\t<\/div>\r\n\t\t\t\t<\/div>\r\n\t\t\t\t<\/div>\n\t\t","protected":false},"excerpt":{"rendered":"<p>Canitas Veterinaria M\u00e1laga \u2013 CC Los Patios Adre\u00e7a Av. de Vel\u00e1zquez, 241 &#8211; M\u00e0laga Horari botiga Dilluns a dissabte de 10h &#8211; 21h Horari veterinari De dimarts a dissabte de 10h &#8211; 21h Horari perruqueria Dimarts i dijous 11h &#8211; 19hDimecres, divendres i dissabte 10h &#8211; 18h C\u00d3MO LLEGAR HAZTE SOCIO AHORA<\/p>\n","protected":false},"author":2,"featured_media":0,"parent":16333,"menu_order":0,"comment_status":"closed","ping_status":"closed","template":"","meta":{"footnotes":""},"class_list":["post-16212","page","type-page","status-publish","hentry"],"yoast_head":"<!-- This site is optimized with the Yoast SEO plugin v27.2 - https:\/\/yoast.com\/product\/yoast-seo-wordpress\/ -->\n<title>Cl\u00ednica Veterin\u00e0ria Canitas a M\u00e0laga | CC Los Patios<\/title>\n<meta name=\"description\" content=\"La teva cl\u00ednica veterin\u00e0ria a M\u00e0laga, CC Los Patios. Canitas ofereix medicina preventiva, urg\u00e8ncies, perruqueria canina i botiga i alimentaci\u00f3.\" \/>\n<meta name=\"robots\" content=\"index, follow, max-snippet:-1, max-image-preview:large, max-video-preview:-1\" \/>\n<link rel=\"canonical\" href=\"https:\/\/canitasveterinaria.com\/ca\/les-teves-cliniques\/canitas-veterinaria-malaga-cc-los-patios\/\" \/>\n<meta property=\"og:locale\" content=\"ca_ES\" \/>\n<meta property=\"og:type\" content=\"article\" \/>\n<meta property=\"og:title\" content=\"Cl\u00ednica Veterin\u00e0ria Canitas a M\u00e0laga | CC Los Patios\" \/>\n<meta property=\"og:description\" content=\"La teva cl\u00ednica veterin\u00e0ria a M\u00e0laga, CC Los Patios. Canitas ofereix medicina preventiva, urg\u00e8ncies, perruqueria canina i botiga i alimentaci\u00f3.\" \/>\n<meta property=\"og:url\" content=\"https:\/\/canitasveterinaria.com\/ca\/les-teves-cliniques\/canitas-veterinaria-malaga-cc-los-patios\/\" \/>\n<meta property=\"og:site_name\" content=\"Canitas Veterinaria\" \/>\n<meta property=\"article:publisher\" content=\"https:\/\/www.facebook.com\/canitasveterinaria\/\" \/>\n<meta property=\"article:modified_time\" content=\"2025-12-01T12:07:33+00:00\" \/>\n<meta name=\"twitter:card\" content=\"summary_large_image\" \/>\n<meta name=\"twitter:site\" content=\"@canitasvt\" \/>\n<!-- \/ Yoast SEO plugin. -->","yoast_head_json":{"title":"Cl\u00ednica Veterin\u00e0ria Canitas a M\u00e0laga | CC Los Patios","description":"La teva cl\u00ednica veterin\u00e0ria a M\u00e0laga, CC Los Patios. Canitas ofereix medicina preventiva, urg\u00e8ncies, perruqueria canina i botiga i alimentaci\u00f3.","robots":{"index":"index","follow":"follow","max-snippet":"max-snippet:-1","max-image-preview":"max-image-preview:large","max-video-preview":"max-video-preview:-1"},"canonical":"https:\/\/canitasveterinaria.com\/ca\/les-teves-cliniques\/canitas-veterinaria-malaga-cc-los-patios\/","og_locale":"ca_ES","og_type":"article","og_title":"Cl\u00ednica Veterin\u00e0ria Canitas a M\u00e0laga | CC Los Patios","og_description":"La teva cl\u00ednica veterin\u00e0ria a M\u00e0laga, CC Los Patios. Canitas ofereix medicina preventiva, urg\u00e8ncies, perruqueria canina i botiga i alimentaci\u00f3.","og_url":"https:\/\/canitasveterinaria.com\/ca\/les-teves-cliniques\/canitas-veterinaria-malaga-cc-los-patios\/","og_site_name":"Canitas Veterinaria","article_publisher":"https:\/\/www.facebook.com\/canitasveterinaria\/","article_modified_time":"2025-12-01T12:07:33+00:00","twitter_card":"summary_large_image","twitter_site":"@canitasvt","schema":{"@context":"https:\/\/schema.org","@graph":[{"@type":"WebPage","@id":"https:\/\/canitasveterinaria.com\/ca\/les-teves-cliniques\/canitas-veterinaria-malaga-cc-los-patios\/","url":"https:\/\/canitasveterinaria.com\/ca\/les-teves-cliniques\/canitas-veterinaria-malaga-cc-los-patios\/","name":"Cl\u00ednica Veterin\u00e0ria Canitas a M\u00e0laga | CC Los Patios","isPartOf":{"@id":"https:\/\/canitasveterinaria.com\/ca\/#website"},"datePublished":"2025-08-26T14:19:21+00:00","dateModified":"2025-12-01T12:07:33+00:00","description":"La teva cl\u00ednica veterin\u00e0ria a M\u00e0laga, CC Los Patios. Canitas ofereix medicina preventiva, urg\u00e8ncies, perruqueria canina i botiga i alimentaci\u00f3.","breadcrumb":{"@id":"https:\/\/canitasveterinaria.com\/ca\/les-teves-cliniques\/canitas-veterinaria-malaga-cc-los-patios\/#breadcrumb"},"inLanguage":"ca","potentialAction":[{"@type":"ReadAction","target":["https:\/\/canitasveterinaria.com\/ca\/les-teves-cliniques\/canitas-veterinaria-malaga-cc-los-patios\/"]}]},{"@type":"BreadcrumbList","@id":"https:\/\/canitasveterinaria.com\/ca\/les-teves-cliniques\/canitas-veterinaria-malaga-cc-los-patios\/#breadcrumb","itemListElement":[{"@type":"ListItem","position":1,"name":"Portada","item":"https:\/\/canitasveterinaria.com\/ca\/"},{"@type":"ListItem","position":2,"name":"Les teves cl\u00edniques","item":"https:\/\/canitasveterinaria.com\/ca\/tus-clinicas\/"},{"@type":"ListItem","position":3,"name":"Canitas Veterin\u00e0ria M\u00e0laga \u2013 CC Los Patios"}]},{"@type":"WebSite","@id":"https:\/\/canitasveterinaria.com\/ca\/#website","url":"https:\/\/canitasveterinaria.com\/ca\/","name":"Canitas Veterinaria","description":"La seguretat social de la teva mascota","publisher":{"@id":"https:\/\/canitasveterinaria.com\/ca\/#organization"},"potentialAction":[{"@type":"SearchAction","target":{"@type":"EntryPoint","urlTemplate":"https:\/\/canitasveterinaria.com\/ca\/?s={search_term_string}"},"query-input":{"@type":"PropertyValueSpecification","valueRequired":true,"valueName":"search_term_string"}}],"inLanguage":"ca"},{"@type":"Organization","@id":"https:\/\/canitasveterinaria.com\/ca\/#organization","name":"Canitas Veterinaria","url":"https:\/\/canitasveterinaria.com\/ca\/","logo":{"@type":"ImageObject","inLanguage":"ca","@id":"https:\/\/canitasveterinaria.com\/ca\/#\/schema\/logo\/image\/","url":"https:\/\/canitasveterinaria.com\/wp-content\/uploads\/2025\/10\/cropped-favicon-canitas.png","contentUrl":"https:\/\/canitasveterinaria.com\/wp-content\/uploads\/2025\/10\/cropped-favicon-canitas.png","width":512,"height":512,"caption":"Canitas Veterinaria"},"image":{"@id":"https:\/\/canitasveterinaria.com\/ca\/#\/schema\/logo\/image\/"},"sameAs":["https:\/\/www.facebook.com\/canitasveterinaria\/","https:\/\/x.com\/canitasvt","https:\/\/www.instagram.com\/canitasveterinaria\/","https:\/\/www.youtube.com\/@Canitas_Veterinaria"]}]}},"_links":{"self":[{"href":"https:\/\/canitasveterinaria.com\/ca\/wp-json\/wp\/v2\/pages\/16212","targetHints":{"allow":["GET"]}}],"collection":[{"href":"https:\/\/canitasveterinaria.com\/ca\/wp-json\/wp\/v2\/pages"}],"about":[{"href":"https:\/\/canitasveterinaria.com\/ca\/wp-json\/wp\/v2\/types\/page"}],"author":[{"embeddable":true,"href":"https:\/\/canitasveterinaria.com\/ca\/wp-json\/wp\/v2\/users\/2"}],"replies":[{"embeddable":true,"href":"https:\/\/canitasveterinaria.com\/ca\/wp-json\/wp\/v2\/comments?post=16212"}],"version-history":[{"count":3,"href":"https:\/\/canitasveterinaria.com\/ca\/wp-json\/wp\/v2\/pages\/16212\/revisions"}],"predecessor-version":[{"id":16255,"href":"https:\/\/canitasveterinaria.com\/ca\/wp-json\/wp\/v2\/pages\/16212\/revisions\/16255"}],"up":[{"embeddable":true,"href":"https:\/\/canitasveterinaria.com\/ca\/wp-json\/wp\/v2\/pages\/16333"}],"wp:attachment":[{"href":"https:\/\/canitasveterinaria.com\/ca\/wp-json\/wp\/v2\/media?parent=16212"}],"curies":[{"name":"wp","href":"https:\/\/api.w.org\/{rel}","templated":true}]}}